{"id":12172,"date":"2023-08-25T21:18:44","date_gmt":"2024-10-18T12:09:34","guid":{"rendered":"https:\/\/www.sempertea.eu\/green-the-vert-biologique-i-pyramide-de-the-en-sachet\/"},"modified":"2024-10-18T13:09:34","modified_gmt":"2024-10-18T12:09:34","slug":"green-the-vert-biologique-i-pyramide-de-the-en-sachet","status":"publish","type":"product","link":"https:\/\/www.sempertea.eu\/fr\/green-the-vert-biologique-i-pyramide-de-the-en-sachet\/","title":{"rendered":"GREEN th\u00e9 vert biologique I Pyramide de th\u00e9 en sachet"},"content":{"rendered":"<h2>Th\u00e9 vert durable : qualit\u00e9 et responsabilit\u00e9 pour votre \u00e9tablissement<\/h2>\n<p>Plongez dans notre d\u00e9licieux <a href=\"https:\/\/www.sempertea.eu\/el-te-verde-la-bebida-de-moda-su-origen-caracteristicas-preparacion\/\">th\u00e9 vert<\/a>, d\u00e9sormais pr\u00e9sent\u00e9 dans un emballage durable <strong>sp\u00e9cialement con\u00e7u pour le secteur de l&rsquo;h\u00f4tellerie et de la restauration<\/strong>. Profitez de la fra\u00eecheur et de la qualit\u00e9 in\u00e9gal\u00e9es de notre th\u00e9, tout en contribuant au bien-\u00eatre de l&rsquo;environnement. Chaque gorg\u00e9e refl\u00e8te notre engagement en faveur du d\u00e9veloppement durable, depuis le choix d\u00e9lib\u00e9r\u00e9 d&rsquo;un <strong>emballage respectueux de l&rsquo;environnement<\/strong>. Am\u00e9liorez l&rsquo;exp\u00e9rience de vos clients avec un th\u00e9 vert qui allie go\u00fbt et responsabilit\u00e9 dans un m\u00eame emballage.   <\/p>\n<h3>Explorer le monde du th\u00e9 vert<\/h3>\n<p>Notre th\u00e9 vert, issu de la plante Camellia sinensis, tire son nom de la couleur caract\u00e9ristique que prennent les feuilles au cours du processus de s\u00e9chage. Nous s\u00e9lectionnons soigneusement les bourgeons nouveaux et frais de la plante, en \u00e9vitant<strong> l&rsquo;oxydation ou la fermentation<\/strong>. Ce th\u00e9, avec sa teinte vert p\u00e2le, offre une exp\u00e9rience exceptionnelle \u00e0 chaque tasse.  <\/p>\n<h4>De nombreux avantages pour la sant\u00e9<\/h4>\n<p>Le th\u00e9 vert contient de<strong> puissants antioxydants<\/strong> qui peuvent contribuer \u00e0 notre bien-\u00eatre de multiples fa\u00e7ons. Riche en vitamines, en antioxydants et en propri\u00e9t\u00e9s apaisantes, c&rsquo;est un alli\u00e9 naturel pour les soins de la peau. Dans une tasse chaude de th\u00e9 vert, on trouve des vitamines C, E et de la provitamine A, ainsi que des compos\u00e9s d&rsquo;acides amin\u00e9s qui peuvent contribuer \u00e0 r\u00e9duire le stress et \u00e0 favoriser la relaxation. De plus, son effet stimulant apporte vitalit\u00e9 et vigilance de mani\u00e8re douce et \u00e9quilibr\u00e9e, offrant une alternative moins intense \u00e0 la caf\u00e9ine.   <\/p>\n","protected":false},"excerpt":{"rendered":"<p><strong>Pure et d\u00e9licate avec beaucoup de parfum<\/strong><\/p>\n<p>Une excellente s\u00e9lection du meilleur th\u00e9 vert qui permet d&rsquo;obtenir une saveur d\u00e9licate et un ar\u00f4me traditionnel. Il s&rsquo;agit d&rsquo;un th\u00e9 pur \u00e0 l&rsquo;aspect brillant et au ton vert tendre. Comme tous les th\u00e9s verts, il pr\u00e9sente de multiples avantages pour la sant\u00e9 gr\u00e2ce \u00e0 sa teneur \u00e9lev\u00e9e en antioxydants.  <\/p>\n","protected":false},"featured_media":12173,"comment_status":"open","ping_status":"closed","template":"","meta":[],"product_brand":[],"product_cat":[268,309,300,298,299,283,287,312,310,311,316],"product_tag":[],"class_list":{"0":"post-12172","1":"product","2":"type-product","3":"status-publish","4":"has-post-thumbnail","6":"product_cat-infusions-sans-plastique","7":"product_cat-collections","8":"product_cat-emballages-sans-plastique","9":"product_cat-les-varietes-de-the","10":"product_cat-the-en-pyramide-biodegradable","11":"product_cat-thes-et-infusions-biologiques-de-qualite","12":"product_cat-the-vert-biologique-ou-acheter","13":"product_cat-tous-fr-2","14":"product_cat-tous","15":"product_cat-tous-fr","16":"product_cat-uncategorized-fr","18":"first","19":"instock","20":"shipping-taxable","21":"purchasable","22":"product-type-simple"},"yoast_head":"<!-- This site is optimized with the Yoast SEO Premium plugin v27.3 (Yoast SEO v27.4) - https:\/\/yoast.com\/product\/yoast-seo-premium-wordpress\/ -->\n<title>Th\u00e9 vert biologique dans un emballage durable pour l&#039;industrie h\u00f4teli\u00e8re Semper Tea<\/title>\n<meta name=\"description\" content=\"Th\u00e9 vert dans un emballage durable con\u00e7u pour l&#039;industrie h\u00f4teli\u00e8re. Un go\u00fbt biologique exceptionnel et une contribution \u00e0 l&#039;environnement.\" \/>\n<meta name=\"robots\" content=\"index, follow, max-snippet:-1, max-image-preview:large, max-video-preview:-1\" \/>\n<link rel=\"canonical\" href=\"https:\/\/www.sempertea.eu\/fr\/green-the-vert-biologique-i-pyramide-de-the-en-sachet\/\" \/>\n<meta property=\"og:locale\" content=\"fr_FR\" \/>\n<meta property=\"og:type\" content=\"article\" \/>\n<meta property=\"og:title\" content=\"GREEN th\u00e9 vert biologique I Pyramide de th\u00e9 en sachet\" \/>\n<meta property=\"og:description\" content=\"Th\u00e9 vert dans un emballage durable con\u00e7u pour l&#039;industrie h\u00f4teli\u00e8re. Un go\u00fbt biologique exceptionnel et une contribution \u00e0 l&#039;environnement.\" \/>\n<meta property=\"og:url\" content=\"https:\/\/www.sempertea.eu\/fr\/green-the-vert-biologique-i-pyramide-de-the-en-sachet\/\" \/>\n<meta property=\"og:site_name\" content=\"Semper Tea | Mayorista y fabricante de T\u00e9s e Infusiones para hoteles, restaurantes y bares\" \/>\n<meta property=\"og:image\" content=\"https:\/\/www.sempertea.eu\/wp-content\/uploads\/2023\/08\/envase-responsable-para-te-organicos-semper-tea.jpg\" \/>\n\t<meta property=\"og:image:width\" content=\"1500\" \/>\n\t<meta property=\"og:image:height\" content=\"1500\" \/>\n\t<meta property=\"og:image:type\" content=\"image\/jpeg\" \/>\n<meta name=\"twitter:card\" content=\"summary_large_image\" \/>\n<meta name=\"twitter:image\" content=\"https:\/\/www.sempertea.eu\/wp-content\/uploads\/2023\/08\/envase-eco-para-hosteleria-te-verde-ecologico-semper-tea.jpg\" \/>\n<meta name=\"twitter:label1\" content=\"Dur\u00e9e de lecture estim\u00e9e\" \/>\n\t<meta name=\"twitter:data1\" content=\"1 minute\" \/>\n<script type=\"application\/ld+json\" class=\"yoast-schema-graph\">{\"@context\":\"https:\\\/\\\/schema.org\",\"@graph\":[{\"@type\":\"WebPage\",\"@id\":\"https:\\\/\\\/www.sempertea.eu\\\/fr\\\/green-the-vert-biologique-i-pyramide-de-the-en-sachet\\\/\",\"url\":\"https:\\\/\\\/www.sempertea.eu\\\/fr\\\/green-the-vert-biologique-i-pyramide-de-the-en-sachet\\\/\",\"name\":\"Th\u00e9 vert biologique dans un emballage durable pour l'industrie h\u00f4teli\u00e8re Semper Tea\",\"isPartOf\":{\"@id\":\"https:\\\/\\\/www.sempertea.eu\\\/#website\"},\"primaryImageOfPage\":{\"@id\":\"https:\\\/\\\/www.sempertea.eu\\\/fr\\\/green-the-vert-biologique-i-pyramide-de-the-en-sachet\\\/#primaryimage\"},\"image\":{\"@id\":\"https:\\\/\\\/www.sempertea.eu\\\/fr\\\/green-the-vert-biologique-i-pyramide-de-the-en-sachet\\\/#primaryimage\"},\"thumbnailUrl\":\"https:\\\/\\\/www.sempertea.eu\\\/wp-content\\\/uploads\\\/2023\\\/08\\\/envase-responsable-para-te-organicos-semper-tea.jpg\",\"datePublished\":\"2024-10-18T12:09:34+00:00\",\"description\":\"Th\u00e9 vert dans un emballage durable con\u00e7u pour l'industrie h\u00f4teli\u00e8re. Un go\u00fbt biologique exceptionnel et une contribution \u00e0 l'environnement.\",\"breadcrumb\":{\"@id\":\"https:\\\/\\\/www.sempertea.eu\\\/fr\\\/green-the-vert-biologique-i-pyramide-de-the-en-sachet\\\/#breadcrumb\"},\"inLanguage\":\"fr-FR\",\"potentialAction\":[{\"@type\":\"ReadAction\",\"target\":[\"https:\\\/\\\/www.sempertea.eu\\\/fr\\\/green-the-vert-biologique-i-pyramide-de-the-en-sachet\\\/\"]}]},{\"@type\":\"ImageObject\",\"inLanguage\":\"fr-FR\",\"@id\":\"https:\\\/\\\/www.sempertea.eu\\\/fr\\\/green-the-vert-biologique-i-pyramide-de-the-en-sachet\\\/#primaryimage\",\"url\":\"https:\\\/\\\/www.sempertea.eu\\\/wp-content\\\/uploads\\\/2023\\\/08\\\/envase-responsable-para-te-organicos-semper-tea.jpg\",\"contentUrl\":\"https:\\\/\\\/www.sempertea.eu\\\/wp-content\\\/uploads\\\/2023\\\/08\\\/envase-responsable-para-te-organicos-semper-tea.jpg\",\"width\":1500,\"height\":1500,\"caption\":\"Envase responsable para te organicos semper tea\"},{\"@type\":\"BreadcrumbList\",\"@id\":\"https:\\\/\\\/www.sempertea.eu\\\/fr\\\/green-the-vert-biologique-i-pyramide-de-the-en-sachet\\\/#breadcrumb\",\"itemListElement\":[{\"@type\":\"ListItem\",\"position\":1,\"name\":\"Portada\",\"item\":\"https:\\\/\\\/www.sempertea.eu\\\/\"},{\"@type\":\"ListItem\",\"position\":2,\"name\":\"Tienda\",\"item\":\"https:\\\/\\\/www.sempertea.eu\\\/tienda\\\/\"},{\"@type\":\"ListItem\",\"position\":3,\"name\":\"GREEN th\u00e9 vert biologique I Pyramide de th\u00e9 en sachet\"}]},{\"@type\":\"WebSite\",\"@id\":\"https:\\\/\\\/www.sempertea.eu\\\/#website\",\"url\":\"https:\\\/\\\/www.sempertea.eu\\\/\",\"name\":\"Semper Tea | Mayorista y fabricante de T\u00e9s e Infusiones para hoteles, restaurantes y bares\",\"description\":\"T\u00e9s e infusiones para hosteler\u00eda, hoteler\u00eda y comercio\",\"potentialAction\":[{\"@type\":\"SearchAction\",\"target\":{\"@type\":\"EntryPoint\",\"urlTemplate\":\"https:\\\/\\\/www.sempertea.eu\\\/?s={search_term_string}\"},\"query-input\":{\"@type\":\"PropertyValueSpecification\",\"valueRequired\":true,\"valueName\":\"search_term_string\"}}],\"inLanguage\":\"fr-FR\"}]}<\/script>\n<!-- \/ Yoast SEO Premium plugin. -->","yoast_head_json":{"title":"Th\u00e9 vert biologique dans un emballage durable pour l'industrie h\u00f4teli\u00e8re Semper Tea","description":"Th\u00e9 vert dans un emballage durable con\u00e7u pour l'industrie h\u00f4teli\u00e8re. Un go\u00fbt biologique exceptionnel et une contribution \u00e0 l'environnement.","robots":{"index":"index","follow":"follow","max-snippet":"max-snippet:-1","max-image-preview":"max-image-preview:large","max-video-preview":"max-video-preview:-1"},"canonical":"https:\/\/www.sempertea.eu\/fr\/green-the-vert-biologique-i-pyramide-de-the-en-sachet\/","og_locale":"fr_FR","og_type":"article","og_title":"GREEN th\u00e9 vert biologique I Pyramide de th\u00e9 en sachet","og_description":"Th\u00e9 vert dans un emballage durable con\u00e7u pour l'industrie h\u00f4teli\u00e8re. Un go\u00fbt biologique exceptionnel et une contribution \u00e0 l'environnement.","og_url":"https:\/\/www.sempertea.eu\/fr\/green-the-vert-biologique-i-pyramide-de-the-en-sachet\/","og_site_name":"Semper Tea | Mayorista y fabricante de T\u00e9s e Infusiones para hoteles, restaurantes y bares","og_image":[{"width":1500,"height":1500,"url":"https:\/\/www.sempertea.eu\/wp-content\/uploads\/2023\/08\/envase-responsable-para-te-organicos-semper-tea.jpg","type":"image\/jpeg"}],"twitter_card":"summary_large_image","twitter_image":"https:\/\/www.sempertea.eu\/wp-content\/uploads\/2023\/08\/envase-eco-para-hosteleria-te-verde-ecologico-semper-tea.jpg","twitter_misc":{"Dur\u00e9e de lecture estim\u00e9e":"1 minute"},"schema":{"@context":"https:\/\/schema.org","@graph":[{"@type":"WebPage","@id":"https:\/\/www.sempertea.eu\/fr\/green-the-vert-biologique-i-pyramide-de-the-en-sachet\/","url":"https:\/\/www.sempertea.eu\/fr\/green-the-vert-biologique-i-pyramide-de-the-en-sachet\/","name":"Th\u00e9 vert biologique dans un emballage durable pour l'industrie h\u00f4teli\u00e8re Semper Tea","isPartOf":{"@id":"https:\/\/www.sempertea.eu\/#website"},"primaryImageOfPage":{"@id":"https:\/\/www.sempertea.eu\/fr\/green-the-vert-biologique-i-pyramide-de-the-en-sachet\/#primaryimage"},"image":{"@id":"https:\/\/www.sempertea.eu\/fr\/green-the-vert-biologique-i-pyramide-de-the-en-sachet\/#primaryimage"},"thumbnailUrl":"https:\/\/www.sempertea.eu\/wp-content\/uploads\/2023\/08\/envase-responsable-para-te-organicos-semper-tea.jpg","datePublished":"2024-10-18T12:09:34+00:00","description":"Th\u00e9 vert dans un emballage durable con\u00e7u pour l'industrie h\u00f4teli\u00e8re. Un go\u00fbt biologique exceptionnel et une contribution \u00e0 l'environnement.","breadcrumb":{"@id":"https:\/\/www.sempertea.eu\/fr\/green-the-vert-biologique-i-pyramide-de-the-en-sachet\/#breadcrumb"},"inLanguage":"fr-FR","potentialAction":[{"@type":"ReadAction","target":["https:\/\/www.sempertea.eu\/fr\/green-the-vert-biologique-i-pyramide-de-the-en-sachet\/"]}]},{"@type":"ImageObject","inLanguage":"fr-FR","@id":"https:\/\/www.sempertea.eu\/fr\/green-the-vert-biologique-i-pyramide-de-the-en-sachet\/#primaryimage","url":"https:\/\/www.sempertea.eu\/wp-content\/uploads\/2023\/08\/envase-responsable-para-te-organicos-semper-tea.jpg","contentUrl":"https:\/\/www.sempertea.eu\/wp-content\/uploads\/2023\/08\/envase-responsable-para-te-organicos-semper-tea.jpg","width":1500,"height":1500,"caption":"Envase responsable para te organicos semper tea"},{"@type":"BreadcrumbList","@id":"https:\/\/www.sempertea.eu\/fr\/green-the-vert-biologique-i-pyramide-de-the-en-sachet\/#breadcrumb","itemListElement":[{"@type":"ListItem","position":1,"name":"Portada","item":"https:\/\/www.sempertea.eu\/"},{"@type":"ListItem","position":2,"name":"Tienda","item":"https:\/\/www.sempertea.eu\/tienda\/"},{"@type":"ListItem","position":3,"name":"GREEN th\u00e9 vert biologique I Pyramide de th\u00e9 en sachet"}]},{"@type":"WebSite","@id":"https:\/\/www.sempertea.eu\/#website","url":"https:\/\/www.sempertea.eu\/","name":"Semper Tea | Mayorista y fabricante de T\u00e9s e Infusiones para hoteles, restaurantes y bares","description":"T\u00e9s e infusiones para hosteler\u00eda, hoteler\u00eda y comercio","potentialAction":[{"@type":"SearchAction","target":{"@type":"EntryPoint","urlTemplate":"https:\/\/www.sempertea.eu\/?s={search_term_string}"},"query-input":{"@type":"PropertyValueSpecification","valueRequired":true,"valueName":"search_term_string"}}],"inLanguage":"fr-FR"}]}},"_links":{"self":[{"href":"https:\/\/www.sempertea.eu\/fr\/wp-json\/wp\/v2\/product\/12172","targetHints":{"allow":["GET"]}}],"collection":[{"href":"https:\/\/www.sempertea.eu\/fr\/wp-json\/wp\/v2\/product"}],"about":[{"href":"https:\/\/www.sempertea.eu\/fr\/wp-json\/wp\/v2\/types\/product"}],"replies":[{"embeddable":true,"href":"https:\/\/www.sempertea.eu\/fr\/wp-json\/wp\/v2\/comments?post=12172"}],"wp:featuredmedia":[{"embeddable":true,"href":"https:\/\/www.sempertea.eu\/fr\/wp-json\/wp\/v2\/media\/12173"}],"wp:attachment":[{"href":"https:\/\/www.sempertea.eu\/fr\/wp-json\/wp\/v2\/media?parent=12172"}],"wp:term":[{"taxonomy":"product_brand","embeddable":true,"href":"https:\/\/www.sempertea.eu\/fr\/wp-json\/wp\/v2\/product_brand?post=12172"},{"taxonomy":"product_cat","embeddable":true,"href":"https:\/\/www.sempertea.eu\/fr\/wp-json\/wp\/v2\/product_cat?post=12172"},{"taxonomy":"product_tag","embeddable":true,"href":"https:\/\/www.sempertea.eu\/fr\/wp-json\/wp\/v2\/product_tag?post=12172"}],"curies":[{"name":"wp","href":"https:\/\/api.w.org\/{rel}","templated":true}]}}